{"id":7209,"date":"2021-06-15T07:26:59","date_gmt":"2021-06-15T06:26:59","guid":{"rendered":"https:\/\/www.varprovence-cruise.com\/fr\/agenda-marches-le-lavandou"},"modified":"2023-02-02T11:07:44","modified_gmt":"2023-02-02T10:07:44","slug":"agenda-marches-le-lavandou","status":"publish","type":"page","link":"https:\/\/www.varprovence-cruise.com\/fr\/experience-var-provence\/agenda\/agenda-marches-le-lavandou\/","title":{"rendered":"Agenda &#038; March\u00e9s Le Lavandou"},"content":{"rendered":"<p>D\u00e9couvrez ici l&rsquo;Agenda des \u00e9v\u00e9nements &amp; des march\u00e9s du Lavandou qui ravira les croisi\u00e9ristes.<\/p>\n<p>Le <strong>March\u00e9 proven\u00e7al du Lavandou<\/strong>, consid\u00e9r\u00e9 comme l&rsquo;un des plus beaux march\u00e9s du Var, se tient <strong>tous les jeudis matin<\/strong>. En \u00e9t\u00e9, le Quartier baln\u00e9aire de Cavali\u00e8re propose son March\u00e9 proven\u00e7al tous les lundis et dimanches matin.<br \/>\nUn <strong>petit march\u00e9 bio<\/strong> attend les croisi\u00e9ristes devant la mairie avec des produits bio et locaux tous les dimanches de juin \u00e0 fin septembre.<\/p>\n","protected":false},"excerpt":{"rendered":"<p>D\u00e9couvrez ici l&rsquo;Agenda des \u00e9v\u00e9nements &amp; des march\u00e9s du Lavandou qui ravira les croisi\u00e9ristes. Le March\u00e9 proven\u00e7al du Lavandou, consid\u00e9r\u00e9 comme l&rsquo;un des plus beaux march\u00e9s du Var, se tient tous les jeudis matin. En \u00e9t\u00e9, le Quartier baln\u00e9aire de Cavali\u00e8re propose son March\u00e9 proven\u00e7al tous les lundis et dimanches matin. Un petit march\u00e9 bio [&hellip;]<\/p>\n","protected":false},"author":1,"featured_media":4980,"parent":5792,"menu_order":0,"comment_status":"closed","ping_status":"closed","template":"sit.php","meta":[],"_links":{"self":[{"href":"https:\/\/www.varprovence-cruise.com\/fr\/wp-json\/wp\/v2\/pages\/7209"}],"collection":[{"href":"https:\/\/www.varprovence-cruise.com\/fr\/wp-json\/wp\/v2\/pages"}],"about":[{"href":"https:\/\/www.varprovence-cruise.com\/fr\/wp-json\/wp\/v2\/types\/page"}],"author":[{"embeddable":true,"href":"https:\/\/www.varprovence-cruise.com\/fr\/wp-json\/wp\/v2\/users\/1"}],"replies":[{"embeddable":true,"href":"https:\/\/www.varprovence-cruise.com\/fr\/wp-json\/wp\/v2\/comments?post=7209"}],"version-history":[{"count":8,"href":"https:\/\/www.varprovence-cruise.com\/fr\/wp-json\/wp\/v2\/pages\/7209\/revisions"}],"predecessor-version":[{"id":19607,"href":"https:\/\/www.varprovence-cruise.com\/fr\/wp-json\/wp\/v2\/pages\/7209\/revisions\/19607"}],"up":[{"embeddable":true,"href":"https:\/\/www.varprovence-cruise.com\/fr\/wp-json\/wp\/v2\/pages\/5792"}],"wp:featuredmedia":[{"embeddable":true,"href":"https:\/\/www.varprovence-cruise.com\/fr\/wp-json\/wp\/v2\/media\/4980"}],"wp:attachment":[{"href":"https:\/\/www.varprovence-cruise.com\/fr\/wp-json\/wp\/v2\/media?parent=7209"}],"curies":[{"name":"wp","href":"https:\/\/api.w.org\/{rel}","templated":true}]}}